{"version":"1.0","provider_name":"\u00c9lections Montr\u00e9al","provider_url":"https:\/\/elections.montreal.ca\/fr\/","title":"La journ\u00e9e officielle du scrutin est ce dimanche\u00a0 - \u00c9lections Montr\u00e9al","type":"rich","width":600,"height":338,"html":"<blockquote class=\"wp-embedded-content\" data-secret=\"1FC2DyWDXE\"><a href=\"https:\/\/elections.montreal.ca\/fr\/la-journee-officielle-du-scrutin-est-ce-dimanche\/\">La journ\u00e9e officielle du scrutin est ce dimanche\u00a0<\/a><\/blockquote><iframe sandbox=\"allow-scripts\" security=\"restricted\" src=\"https:\/\/elections.montreal.ca\/fr\/la-journee-officielle-du-scrutin-est-ce-dimanche\/embed\/#?secret=1FC2DyWDXE\" width=\"600\" height=\"338\" title=\"\u00ab\u00a0La journ\u00e9e officielle du scrutin est ce dimanche\u00a0\u00a0\u00bb &#8212; \u00c9lections Montr\u00e9al\" data-secret=\"1FC2DyWDXE\" frameborder=\"0\" marginwidth=\"0\" marginheight=\"0\" scrolling=\"no\" class=\"wp-embedded-content\"><\/iframe><script type=\"text\/javascript\">\n\/* <![CDATA[ *\/\n\/*! This file is auto-generated *\/\n!function(d,l){\"use strict\";l.querySelector&&d.addEventListener&&\"undefined\"!=typeof URL&&(d.wp=d.wp||{},d.wp.receiveEmbedMessage||(d.wp.receiveEmbedMessage=function(e){var t=e.data;if((t||t.secret||t.message||t.value)&&!\/[^a-zA-Z0-9]\/.test(t.secret)){for(var s,r,n,a=l.querySelectorAll('iframe[data-secret=\"'+t.secret+'\"]'),o=l.querySelectorAll('blockquote[data-secret=\"'+t.secret+'\"]'),c=new RegExp(\"^https?:$\",\"i\"),i=0;i<o.length;i++)o[i].style.display=\"none\";for(i=0;i<a.length;i++)s=a[i],e.source===s.contentWindow&&(s.removeAttribute(\"style\"),\"height\"===t.message?(1e3<(r=parseInt(t.value,10))?r=1e3:~~r<200&&(r=200),s.height=r):\"link\"===t.message&&(r=new URL(s.getAttribute(\"src\")),n=new URL(t.value),c.test(n.protocol))&&n.host===r.host&&l.activeElement===s&&(d.top.location.href=t.value))}},d.addEventListener(\"message\",d.wp.receiveEmbedMessage,!1),l.addEventListener(\"DOMContentLoaded\",function(){for(var e,t,s=l.querySelectorAll(\"iframe.wp-embedded-content\"),r=0;r<s.length;r++)(t=(e=s[r]).getAttribute(\"data-secret\"))||(t=Math.random().toString(36).substring(2,12),e.src+=\"#?secret=\"+t,e.setAttribute(\"data-secret\",t)),e.contentWindow.postMessage({message:\"ready\",secret:t},\"*\")},!1)))}(window,document);\n\/\/# sourceURL=https:\/\/elections.montreal.ca\/wp-includes\/js\/wp-embed.min.js\n\/* ]]> *\/\n<\/script>\n","description":"Montr\u00e9al, le 31 octobre 2025 \u2013 Le jour officiel du scrutin aura lieu ce dimanche 2 novembre entre 10 h et 20 h dans la Ville de Montr\u00e9al. Ce moment fort de la d\u00e9mocratie permettra aux Montr\u00e9alaises et Montr\u00e9alais de choisir les 103 personnes qui les repr\u00e9senteront \u00e0 la mairie de la Ville, au conseil &hellip; Continued"}